{"id":5457,"date":"2022-09-26T03:54:23","date_gmt":"2022-09-26T03:54:23","guid":{"rendered":"https:\/\/demo.ovatheme.com\/auntri\/?page_id=5457"},"modified":"2023-11-28T21:26:22","modified_gmt":"2023-11-28T20:26:22","slug":"menadzment","status":"publish","type":"page","link":"https:\/\/vranicabl.com\/de\/menadzment\/","title":{"rendered":"Management"},"content":{"rendered":"<div data-elementor-type=\"wp-page\" data-elementor-id=\"5457\" class=\"elementor elementor-5457\" data-elementor-post-type=\"page\">\n\t\t\t\t\t\t<section class=\"elementor-section elementor-top-section elementor-element elementor-element-33e6ae5 elementor-section-boxed elementor-section-height-default elementor-section-height-default\" data-id=\"33e6ae5\" data-element_type=\"section\" data-e-type=\"section\" data-settings=\"{&quot;background_background&quot;:&quot;classic&quot;}\">\n\t\t\t\t\t\t\t<div class=\"elementor-background-overlay\"><\/div>\n\t\t\t\t\t\t\t<div class=\"elementor-container elementor-column-gap-default\">\n\t\t\t\t\t<div class=\"elementor-column elementor-col-100 elementor-top-column elementor-element elementor-element-b0c8929\" data-id=\"b0c8929\" data-element_type=\"column\" data-e-type=\"column\">\n\t\t\t<div class=\"elementor-widget-wrap elementor-element-populated\">\n\t\t\t\t\t\t<div class=\"elementor-element elementor-element-1c2c1b3 elementor-widget elementor-widget-auntri_elementor_heading\" data-id=\"1c2c1b3\" data-element_type=\"widget\" data-e-type=\"widget\" data-widget_type=\"auntri_elementor_heading.default\">\n\t\t\t\t<div class=\"elementor-widget-container\">\n\t\t\t\t\t\n\t\t<div class=\"ova-title\">\n\n\t\t\t\t\t\t\t<h3 class=\"sub-title\">Unsere Experten<\/h3>\n\t\t\t\n\t\t\t\t\t\t\t\n\t\t\t\t\t\t\t\t\t<div class=\"box-title\">\n\t\t\t\t\t\t<div class=\"line-top\"><\/div>\n\t\t\t\t\n\t\t\t\t\t\n\t\t\t\t\t\t<h2 class=\"title\">Vranica Management<\/h2>\n\n\t\t\t\t\t\n\t\t\t\t\t\t\t\t\t<\/div>\n\t\t\t\t\n\t\t\t\n\t\t\t\n\t\t<\/div>\n\t\t \t\n\t\t\t\t\t\t<\/div>\n\t\t\t\t<\/div>\n\t\t\t\t\t<\/div>\n\t\t<\/div>\n\t\t\t\t\t<\/div>\n\t\t<\/section>\n\t\t\t\t<section class=\"elementor-section elementor-top-section elementor-element elementor-element-2a2e100 elementor-section-boxed elementor-section-height-default elementor-section-height-default\" data-id=\"2a2e100\" data-element_type=\"section\" data-e-type=\"section\">\n\t\t\t\t\t\t<div class=\"elementor-container elementor-column-gap-default\">\n\t\t\t\t\t<div class=\"elementor-column elementor-col-33 elementor-top-column elementor-element elementor-element-b1a91fc\" data-id=\"b1a91fc\" data-element_type=\"column\" data-e-type=\"column\">\n\t\t\t<div class=\"elementor-widget-wrap elementor-element-populated\">\n\t\t\t\t\t\t<div class=\"elementor-element elementor-element-75cf8c8 elementor-widget elementor-widget-auntri_elementor_team\" data-id=\"75cf8c8\" data-element_type=\"widget\" data-e-type=\"widget\" data-widget_type=\"auntri_elementor_team.default\">\n\t\t\t\t<div class=\"elementor-widget-container\">\n\t\t\t\t\t \n\n\t\t<div class=\"ova-team\">\n\n\t\t\t\n\t<div class=\"item-team item-team-5\">\n\t\t\n\t\t<div class=\"avatar\">\n\t\t\t\t\t\t\t<img decoding=\"async\" src=\"https:\/\/vranicabl.com\/wp-content\/plugins\/elementor\/assets\/images\/placeholder.png\" alt=\"Plav\u0161i\u0107 Milan, Direktor\">\n\t\t\t\t\t<\/div>\n\t    \n\t    <div class=\"info\">\n\n\t    \t<p class=\"job\">\n\t    \t\tDiplom-Ingenieur Bauwesen   \t\t\t\n\t    \t<\/p>\n\n\t\t\t\n\t\t\t\t<h2 class=\"name\">\n\t\t\t\t\tPlav\u0161i\u0107 Milan, Direktor\t\t\n\t\t\t\t<\/h2>\n\n\t\t\t\t\n\n\t    \t<p class=\"description\">\n\t    \t\tBildungseinrichtung: Fakult\u00e4t f\u00fcr Bauwesen Universit\u00e4t Sarajewo (1982 - 1988)\nTelefonnummer: 051\/ 307-917   \t\t\t\n\t    \t<\/p>\n\n\t    \t<ul class=\"social-list\">\n\t\t\t\t\t\t\t\t\t<li>\n\t\t\t\t\t\t<a class=\"social\" href=\"\" target=\"&quot;_blank&quot;\">\n\t\t\t\t\t\t\t<i class=\"ovaicon\"><\/i>\n\t\t\t\t\t\t<\/a>\n\t\t\t\t\t<\/li>\n\t\t\t\t\t\t\t<\/ul>\n\t    <\/div>\t\t\n\t\n\t<\/div>\n\t\t<\/div>\n\n\t    \t\t\t\t<\/div>\n\t\t\t\t<\/div>\n\t\t\t\t<div class=\"elementor-element elementor-element-5b2cff7 elementor-hidden-tablet elementor-hidden-mobile elementor-widget elementor-widget-auntri_elementor_team\" data-id=\"5b2cff7\" data-element_type=\"widget\" data-e-type=\"widget\" data-widget_type=\"auntri_elementor_team.default\">\n\t\t\t\t<div class=\"elementor-widget-container\">\n\t\t\t\t\t \n\n\t\t<div class=\"ova-team\">\n\n\t\t\t\n\t<div class=\"item-team item-team-5\">\n\t\t\n\t\t<div class=\"avatar\">\n\t\t\t\t\t\t\t<img decoding=\"async\" src=\"https:\/\/vranicabl.com\/wp-content\/plugins\/elementor\/assets\/images\/placeholder.png\" alt=\"Plav\u0161i\u0107 Cmiljka, Direktor projektnog biroa\">\n\t\t\t\t\t<\/div>\n\t    \n\t    <div class=\"info\">\n\n\t    \t<p class=\"job\">\n\t    \t\t1 Dipl.-Ing. Architekturingenieurwesen   \t\t\t\n\t    \t<\/p>\n\n\t\t\t\n\t\t\t\t<h2 class=\"name\">\n\t\t\t\t\tPlav\u0161i\u0107 Smiljka, Leiterin des Projektb\u00fcros\t\t\n\t\t\t\t<\/h2>\n\n\t\t\t\t\n\n\t    \t<p class=\"description\">\n\t    \t\tBildungseinrichtung: Fakult\u00e4t f\u00fcr Architektur Universit\u00e4t Sarajewo\n(1982 - 1987)\nTelefonnummer: 051\/ 309 - 576   \t\t\t\n\t    \t<\/p>\n\n\t    \t<ul class=\"social-list\">\n\t\t\t\t\t\t\t\t\t<li>\n\t\t\t\t\t\t<a class=\"social\" href=\"https:\/\/instagram.com\" target=\"&quot;_blank&quot;\">\n\t\t\t\t\t\t\t<i class=\"ovaicon ovaicon-instagram\"><\/i>\n\t\t\t\t\t\t<\/a>\n\t\t\t\t\t<\/li>\n\t\t\t\t\t\t\t<\/ul>\n\t    <\/div>\t\t\n\t\n\t<\/div>\n\t\t<\/div>\n\n\t    \t\t\t\t<\/div>\n\t\t\t\t<\/div>\n\t\t\t\t\t<\/div>\n\t\t<\/div>\n\t\t\t\t<div class=\"elementor-column elementor-col-33 elementor-top-column elementor-element elementor-element-03f0e82\" data-id=\"03f0e82\" data-element_type=\"column\" data-e-type=\"column\">\n\t\t\t<div class=\"elementor-widget-wrap elementor-element-populated\">\n\t\t\t\t\t\t<div class=\"elementor-element elementor-element-f7addc3 elementor-widget elementor-widget-auntri_elementor_team\" data-id=\"f7addc3\" data-element_type=\"widget\" data-e-type=\"widget\" data-widget_type=\"auntri_elementor_team.default\">\n\t\t\t\t<div class=\"elementor-widget-container\">\n\t\t\t\t\t \n\n\t\t<div class=\"ova-team\">\n\n\t\t\t\n\t<div class=\"item-team item-team-5\">\n\t\t\n\t\t<div class=\"avatar\">\n\t\t\t\t\t\t\t<img decoding=\"async\" src=\"https:\/\/vranicabl.com\/wp-content\/plugins\/elementor\/assets\/images\/placeholder.png\" alt=\"Stani\u0161ljevi\u0107 Nenad, Tehni\u010dki Direktor\">\n\t\t\t\t\t<\/div>\n\t    \n\t    <div class=\"info\">\n\n\t    \t<p class=\"job\">\n\t    \t\tDiplom-Ingenieur Bauwesen   \t\t\t\n\t    \t<\/p>\n\n\t\t\t\n\t\t\t\t<h2 class=\"name\">\n\t\t\t\t\tStani\u0161ljevi\u0107 Nenad, Technischer Direktor\t\t\n\t\t\t\t<\/h2>\n\n\t\t\t\t\n\n\t    \t<p class=\"description\">\n\t    \t\tBildungseinrichtung: \nFakult\u00e4t f\u00fcr Bauwesen Universit\u00e4t Belgrad Republik Serbien\n(1983 -1988)\nTelefonnummer: 051\/533-397   \t\t\t\n\t    \t<\/p>\n\n\t    \t<ul class=\"social-list\">\n\t\t\t\t\t\t\t\t\t<li>\n\t\t\t\t\t\t<a class=\"social\" href=\"\" target=\"&quot;_blank&quot;\">\n\t\t\t\t\t\t\t<i class=\"ovaicon\"><\/i>\n\t\t\t\t\t\t<\/a>\n\t\t\t\t\t<\/li>\n\t\t\t\t\t\t\t<\/ul>\n\t    <\/div>\t\t\n\t\n\t<\/div>\n\t\t<\/div>\n\n\t    \t\t\t\t<\/div>\n\t\t\t\t<\/div>\n\t\t\t\t<div class=\"elementor-element elementor-element-4a43170 elementor-hidden-tablet elementor-hidden-mobile elementor-widget elementor-widget-auntri_elementor_team\" data-id=\"4a43170\" data-element_type=\"widget\" data-e-type=\"widget\" data-widget_type=\"auntri_elementor_team.default\">\n\t\t\t\t<div class=\"elementor-widget-container\">\n\t\t\t\t\t \n\n\t\t<div class=\"ova-team\">\n\n\t\t\t\n\t<div class=\"item-team item-team-5\">\n\t\t\n\t\t<div class=\"avatar\">\n\t\t\t\t\t\t\t<img decoding=\"async\" src=\"https:\/\/vranicabl.com\/wp-content\/plugins\/elementor\/assets\/images\/placeholder.png\" alt=\"Sukara Jasminka, Direktor ekonomskog sektora\">\n\t\t\t\t\t<\/div>\n\t    \n\t    <div class=\"info\">\n\n\t    \t<p class=\"job\">\n\t    \t\t   \t\t\t\n\t    \t<\/p>\n\n\t\t\t\n\t\t\t\t<h2 class=\"name\">\n\t\t\t\t\tSukara Jasminka, Leiterin des Wirtschaftssektors\t\t\n\t\t\t\t<\/h2>\n\n\t\t\t\t\n\n\t    \t<p class=\"description\">\n\t    \t\t   \t\t\t\n\t    \t<\/p>\n\n\t    \t<ul class=\"social-list\">\n\t\t\t\t\t\t\t\t\t<li>\n\t\t\t\t\t\t<a class=\"social\" href=\"\" target=\"&quot;_blank&quot;\">\n\t\t\t\t\t\t\t<i class=\"ovaicon-phone\"><\/i>\n\t\t\t\t\t\t<\/a>\n\t\t\t\t\t<\/li>\n\t\t\t\t\t\t\t<\/ul>\n\t    <\/div>\t\t\n\t\n\t<\/div>\n\t\t<\/div>\n\n\t    \t\t\t\t<\/div>\n\t\t\t\t<\/div>\n\t\t\t\t\t<\/div>\n\t\t<\/div>\n\t\t\t\t<div class=\"elementor-column elementor-col-33 elementor-top-column elementor-element elementor-element-f1ea5e8\" data-id=\"f1ea5e8\" data-element_type=\"column\" data-e-type=\"column\">\n\t\t\t<div class=\"elementor-widget-wrap elementor-element-populated\">\n\t\t\t\t\t\t<div class=\"elementor-element elementor-element-29f4d4e elementor-hidden-tablet elementor-hidden-mobile elementor-widget elementor-widget-auntri_elementor_team\" data-id=\"29f4d4e\" data-element_type=\"widget\" data-e-type=\"widget\" data-widget_type=\"auntri_elementor_team.default\">\n\t\t\t\t<div class=\"elementor-widget-container\">\n\t\t\t\t\t \n\n\t\t<div class=\"ova-team\">\n\n\t\t\t\n\t<div class=\"item-team item-team-5\">\n\t\t\n\t\t<div class=\"avatar\">\n\t\t\t\t\t\t\t<img decoding=\"async\" src=\"https:\/\/vranicabl.com\/wp-content\/plugins\/elementor\/assets\/images\/placeholder.png\" alt=\"Sr\u0111an Rajak, Dir. Operative\">\n\t\t\t\t\t<\/div>\n\t    \n\t    <div class=\"info\">\n\n\t    \t<p class=\"job\">\n\t    \t\tMag. Diplom-Bauingenieur    \t\t\t\n\t    \t<\/p>\n\n\t\t\t\n\t\t\t\t<h2 class=\"name\">\n\t\t\t\t\tSr\u0111an Rajak, Betriebsleiter\t\t\n\t\t\t\t<\/h2>\n\n\t\t\t\t\n\n\t    \t<p class=\"description\">\n\t    \t\tBildungseinrichtung:\n Fakult\u00e4t f\u00fcr Bauwesen Zagreb(1981 - 1984, Nachdiplomstudium); Technische Mittelschule Banja Luka(1967-1973, Grundstudium)\nTelefonnummer:  051\/344 - 367   \t\t\t\n\t    \t<\/p>\n\n\t    \t<ul class=\"social-list\">\n\t\t\t\t\t\t\t\t\t<li>\n\t\t\t\t\t\t<a class=\"social\" href=\"\" target=\"&quot;_blank&quot;\">\n\t\t\t\t\t\t\t<i class=\"ovaicon-phone\"><\/i>\n\t\t\t\t\t\t<\/a>\n\t\t\t\t\t<\/li>\n\t\t\t\t\t\t\t<\/ul>\n\t    <\/div>\t\t\n\t\n\t<\/div>\n\t\t<\/div>\n\n\t    \t\t\t\t<\/div>\n\t\t\t\t<\/div>\n\t\t\t\t\t<\/div>\n\t\t<\/div>\n\t\t\t\t\t<\/div>\n\t\t<\/section>\n\t\t\t\t<\/div>","protected":false},"excerpt":{"rendered":"<p>Na\u0161i eksperti Vranica menad\u017ement dipl.in\u017e gra\u0111evinarstva Plav\u0161i\u0107 Milan, Direktor Obrazovanje: Gra\u0111evinski fakulet, Univerzitet u Sarajevu (1982-1988) Telefon: 051\/ 307-917 diplomirani in\u017eenjer arhitekture Plav\u0161i\u0107 Cmiljka, Direktor projektnog biroa Obrazovanje: Arhitektonski fakultet Univerziteta U Sarajevu (1982 &#8211; 1987) Telefon: 051\/ 309-576 dipl.in\u017e gra\u0111evinarstva Stani\u0161ljevi\u0107 Nenad, Tehni\u010dki Direktor Obrazovanje: Gra\u0111evinski fakulet, Univerzitet u Beogradu (1983-1988) Telefon: 051\/533-397 Sukara [&hellip;]<\/p>\n","protected":false},"author":3,"featured_media":0,"parent":0,"menu_order":0,"comment_status":"closed","ping_status":"closed","template":"elementor_header_footer","meta":{"footnotes":""},"class_list":["post-5457","page","type-page","status-publish","hentry"],"_links":{"self":[{"href":"https:\/\/vranicabl.com\/de\/wp-json\/wp\/v2\/pages\/5457","targetHints":{"allow":["GET"]}}],"collection":[{"href":"https:\/\/vranicabl.com\/de\/wp-json\/wp\/v2\/pages"}],"about":[{"href":"https:\/\/vranicabl.com\/de\/wp-json\/wp\/v2\/types\/page"}],"author":[{"embeddable":true,"href":"https:\/\/vranicabl.com\/de\/wp-json\/wp\/v2\/users\/3"}],"replies":[{"embeddable":true,"href":"https:\/\/vranicabl.com\/de\/wp-json\/wp\/v2\/comments?post=5457"}],"version-history":[{"count":43,"href":"https:\/\/vranicabl.com\/de\/wp-json\/wp\/v2\/pages\/5457\/revisions"}],"predecessor-version":[{"id":9872,"href":"https:\/\/vranicabl.com\/de\/wp-json\/wp\/v2\/pages\/5457\/revisions\/9872"}],"wp:attachment":[{"href":"https:\/\/vranicabl.com\/de\/wp-json\/wp\/v2\/media?parent=5457"}],"curies":[{"name":"wp","href":"https:\/\/api.w.org\/{rel}","templated":true}]}}